{"id":16,"date":"2023-04-11T17:09:11","date_gmt":"2023-04-11T15:09:11","guid":{"rendered":"https:\/\/ambasciatapraga.esteri.it\/?page_id=16"},"modified":"2023-04-11T17:11:19","modified_gmt":"2023-04-11T15:11:19","slug":"news","status":"publish","type":"page","link":"https:\/\/ambbucarest.esteri.it\/it\/news\/","title":{"rendered":"Notizie"},"content":{"rendered":"        <div class=\"row\">\n\t\t\t<!-- Ricerca sedi post -->\n\t\t\t<div class=\"col-12 mt-4\">\n\t\t\t  <div class=\"callout callout-highlight note ricerca-esteri p-4\">\n                    <div class=\"callout-title\">\n                        <svg class=\"icon\">\n                            <use xlink:href=\"https:\/\/ambbucarest.esteri.it\/wp-content\/themes\/sedi-tema\/assets\/svg\/sprites.svg#it-search\"><\/use>\n                        <\/svg>Inserisci i parametri di ricerca                    <\/div>\n                    <form id=\"searchFormPost\" name=\"form-search-post\" class=\"form-row align-items-center\" action=\"https:\/\/ambbucarest.esteri.it\/it\/wp-json\/wp\/v2\/pages\/16\/\" method=\"GET\"> \n                        <!-- <div class=\"form-group pt-5\"> -->\n                            <!-- <input type=\"hidden\" id=\"lang\" name=\"lang\" value=\"\"> --> <!-- <\/div> -->\n\n                        <div class=\"it-datepicker-wrapper\">\n                            <div class=\"row\">\n                                <div class=\"form-group col-md-6\">\n                                    <label class=\"active\" for=\"date-init\">Dal<\/label>\n                                    <input class=\"form-control\" name=\"date-init\" id=\"date-init\" type=\"date\" placeholder=\"gg\/mm\/aaaa\" value=\"\"lang=\"en-EN\">  \n                                <\/div>\n                                <div class=\"form-group col-md-6\">\n                                    <label class=\"active\" for=\"date-end\">Al<\/label>\n                                    <input class=\"form-control\" name=\"date-end\" id=\"date-end\" type=\"date\" placeholder=\"gg\/mm\/aaaa\" value=\"\">\n                                <\/div>\n                            <\/div>\n                        <\/div>\n                        <div class=\"form-group col-md-12 mt-3\">\n                            <label for=\"searchText\">Campo ricerca libera<\/label>\n                            <input type=\"text\" name=\"searchText\" class=\"form-control\" id=\"searchText\" value=\"\">\n                        <\/div>\n                        <div class=\"form-group col-md-4 offset-md-8 text-end\">\n                            <a href=\"https:\/\/ambbucarest.esteri.it\/it\/news\/\" title=\"Form reset\" id=\"resetImput\" class=\"btn btn-outline-primary btn-xs\">Reset<\/a>\n                            <button type=\"submit\" class=\"btn btn-primary btn-xs\">Mostra risultati<\/button>\n                        <\/div>\n                    <\/form>\n\t\t\t\t<\/div>\n\t\t\t<\/div>\n\t\t<\/div>\n                    \n            <div class=\"row\">\n                            <div class=\"col-12 mt-3\">\n                <!--start card-->\n                <div class=\"card-wrapper card-space\">\n                    <div class=\"card card-bg card-big border-bottom-card\">\n                        <div class=\"card-body \">\n                                                        <div class=\"category-top\">\n                                                                                                            <span class=\"\">\n                                        <svg class=\"icon icon-secondary\">\n                                            <use xlink:href=\"https:\/\/ambbucarest.esteri.it\/wp-content\/themes\/sedi-tema\/assets\/svg\/sprites.svg#it-calendar\"><\/use>\n                                        <\/svg> 23 Aprile 2026                                    <\/span>\n                                                                    <\/div>\n                            <h5 class=\"card-title big-heading text-uppercase\"><a class=\"text-body text-decoration-none\" href=\"https:\/\/ambbucarest.esteri.it\/it\/news\/dall_ambasciata\/2026\/04\/avviso-pubblico-per-la-ricerca-di-sponsorizzazioni-per-iniziative-promozionali-e-culturali-nel-2026\/\" title=\"AVVISO PUBBLICO PER LA RICERCA DI SPONSORIZZAZIONI PER INIZIATIVE PROMOZIONALI E CULTURALI 2026\">AVVISO PUBBLICO PER LA RICERCA DI SPONSORIZZAZIONI PER INIZIATIVE PROMOZIONALI E CULTURALI 2026<\/a><\/h5>\n                            <p class=\"card-text\">23 aprile 2026 Prot. 3234 AVVISO PUBBLICO PER LA RICERCA DI SPONSORIZZAZIONI PER INIZIATIVE PROMOZIONALI E CULTURALI PROMOSSE DELL\u2019AMBASCIATA D\u2019ITALIA A BUCAREST NEL 2026 NELL\u2019AMBITO DELLA FESTA DELLA REPUBBLICA ITALIANA E DEL SEMESTRE GIUGNO-DICEMBRE DELL\u2019ANNO CULTURALE ITALIA-ROMANIA. L\u2019AMBASCIATA D\u2019ITALIA A BUCAREST Visto l\u2019art. 43 della Legge 27 dicembre 1997, n. 449 (Contratti di sponsorizzazione ed [&hellip;]<\/p>\n                                <a title=\"AVVISO PUBBLICO PER LA RICERCA DI SPONSORIZZAZIONI PER INIZIATIVE PROMOZIONALI E CULTURALI 2026\" class=\"read-more\" href=\"https:\/\/ambbucarest.esteri.it\/it\/news\/dall_ambasciata\/2026\/04\/avviso-pubblico-per-la-ricerca-di-sponsorizzazioni-per-iniziative-promozionali-e-culturali-nel-2026\/\">\n                                    <span class=\"text\">Leggi di pi\u00f9<\/span>\n                                    <svg class=\"icon\">\n                                    <use xlink:href=\"https:\/\/ambbucarest.esteri.it\/wp-content\/themes\/sedi-tema\/assets\/svg\/sprites.svg#it-arrow-right\"><\/use>\n                                    <\/svg>\n                                <\/a>\n                                                    <\/div>\n                    <\/div>\n                <\/div>\n                <!--end card-->\n                <\/div><!-- col-12 .mt-3-->\n                            <div class=\"col-12 mt-3\">\n                <!--start card-->\n                <div class=\"card-wrapper card-space\">\n                    <div class=\"card card-bg card-big border-bottom-card\">\n                        <div class=\"card-body \">\n                                                        <div class=\"category-top\">\n                                                                                                            <span class=\"\">\n                                        <svg class=\"icon icon-secondary\">\n                                            <use xlink:href=\"https:\/\/ambbucarest.esteri.it\/wp-content\/themes\/sedi-tema\/assets\/svg\/sprites.svg#it-calendar\"><\/use>\n                                        <\/svg> 23 Aprile 2026                                    <\/span>\n                                                                    <\/div>\n                            <h5 class=\"card-title big-heading text-uppercase\"><a class=\"text-body text-decoration-none\" href=\"https:\/\/ambbucarest.esteri.it\/it\/news\/dall_ambasciata\/2026\/04\/business-insights-from-italy-a-letter-to-international-investors-8\/\" title=\"Business Insights from Italy \u2013 A Letter to International Investors\">Business Insights from Italy \u2013 A Letter to International Investors<\/a><\/h5>\n                            <p class=\"card-text\">\u00c8 online il nuovo numero di \ud835\ude3d\ud835\ude6a\ud835\ude68\ud835\ude5e\ud835\ude63\ud835\ude5a\ud835\ude68\ud835\ude68 \ud835\ude44\ud835\ude63\ud835\ude68\ud835\ude5e\ud835\ude5c\ud835\ude5d\ud835\ude69\ud835\ude68 \ud835\ude5b\ud835\ude67\ud835\ude64\ud835\ude62 \ud835\ude44\ud835\ude69\ud835\ude56\ud835\ude61\ud835\ude6e &#8211; \ud835\ude3c \ud835\ude47\ud835\ude5a\ud835\ude69\ud835\ude69\ud835\ude5a\ud835\ude67 \ud835\ude69\ud835\ude64 \ud835\ude44\ud835\ude63\ud835\ude69\ud835\ude5a\ud835\ude67\ud835\ude63\ud835\ude56\ud835\ude69\ud835\ude5e\ud835\ude64\ud835\ude63\ud835\ude56\ud835\ude61 \ud835\ude44\ud835\ude63\ud835\ude6b\ud835\ude5a\ud835\ude68\ud835\ude69\ud835\ude64\ud835\ude67\ud835\ude68, la newsletter mensile del Ministero degli Affari Esteri e della Cooperazione Internazionale, realizzata in collaborazione con The European House \u2013 Ambrosetti. La pubblicazione offre una panoramica aggiornata sulle opportunit\u00e0 economiche e di investimento in Italia, con analisi e approfondimenti [&hellip;]<\/p>\n                                <a title=\"Business Insights from Italy \u2013 A Letter to International Investors\" class=\"read-more\" href=\"https:\/\/ambbucarest.esteri.it\/it\/news\/dall_ambasciata\/2026\/04\/business-insights-from-italy-a-letter-to-international-investors-8\/\">\n                                    <span class=\"text\">Leggi di pi\u00f9<\/span>\n                                    <svg class=\"icon\">\n                                    <use xlink:href=\"https:\/\/ambbucarest.esteri.it\/wp-content\/themes\/sedi-tema\/assets\/svg\/sprites.svg#it-arrow-right\"><\/use>\n                                    <\/svg>\n                                <\/a>\n                                                    <\/div>\n                    <\/div>\n                <\/div>\n                <!--end card-->\n                <\/div><!-- col-12 .mt-3-->\n                            <div class=\"col-12 mt-3\">\n                <!--start card-->\n                <div class=\"card-wrapper card-space\">\n                    <div class=\"card card-bg card-big border-bottom-card\">\n                        <div class=\"card-body \">\n                                                        <div class=\"category-top\">\n                                                                                                            <span class=\"\">\n                                        <svg class=\"icon icon-secondary\">\n                                            <use xlink:href=\"https:\/\/ambbucarest.esteri.it\/wp-content\/themes\/sedi-tema\/assets\/svg\/sprites.svg#it-calendar\"><\/use>\n                                        <\/svg> 20 Aprile 2026                                    <\/span>\n                                                                    <\/div>\n                            <h5 class=\"card-title big-heading text-uppercase\"><a class=\"text-body text-decoration-none\" href=\"https:\/\/ambbucarest.esteri.it\/it\/news\/dall_ambasciata\/2026\/04\/avviso-per-la-raccolta-di-candidature-per-i-consolati-onorari-di-craiova-e-di-iasi-20-aprile-2026\/\" title=\"AVVISO PER LA RACCOLTA DI CANDIDATURE PER I CONSOLATI ONORARI  DI CRAIOVA E DI IA\u015eI (20 aprile 2026)\">AVVISO PER LA RACCOLTA DI CANDIDATURE PER I CONSOLATI ONORARI  DI CRAIOVA E DI IA\u015eI (20 aprile 2026)<\/a><\/h5>\n                            <p class=\"card-text\">Con questo Avviso l\u2019Ambasciata d\u2019Italia a Bucarest avvia: la procedura comparativa ed aperta a una pluralit\u00e0 di candidature per la nomina di Console Onorario a Craiova competente per i distretti di Dolj, Olt, Gorj, Mehedin\u021bi e V\u00e2lcea; la procedura comparativa ed aperta a una pluralit\u00e0 di candidature per la nomina di Console Onorario a Ia\u015fi [&hellip;]<\/p>\n                                <a title=\"AVVISO PER LA RACCOLTA DI CANDIDATURE PER I CONSOLATI ONORARI  DI CRAIOVA E DI IA\u015eI (20 aprile 2026)\" class=\"read-more\" href=\"https:\/\/ambbucarest.esteri.it\/it\/news\/dall_ambasciata\/2026\/04\/avviso-per-la-raccolta-di-candidature-per-i-consolati-onorari-di-craiova-e-di-iasi-20-aprile-2026\/\">\n                                    <span class=\"text\">Leggi di pi\u00f9<\/span>\n                                    <svg class=\"icon\">\n                                    <use xlink:href=\"https:\/\/ambbucarest.esteri.it\/wp-content\/themes\/sedi-tema\/assets\/svg\/sprites.svg#it-arrow-right\"><\/use>\n                                    <\/svg>\n                                <\/a>\n                                                    <\/div>\n                    <\/div>\n                <\/div>\n                <!--end card-->\n                <\/div><!-- col-12 .mt-3-->\n                            <div class=\"col-12 mt-3\">\n                <!--start card-->\n                <div class=\"card-wrapper card-space\">\n                    <div class=\"card card-bg card-big border-bottom-card\">\n                        <div class=\"card-body \">\n                                                        <div class=\"category-top\">\n                                                                                                            <span class=\"\">\n                                        <svg class=\"icon icon-secondary\">\n                                            <use xlink:href=\"https:\/\/ambbucarest.esteri.it\/wp-content\/themes\/sedi-tema\/assets\/svg\/sprites.svg#it-calendar\"><\/use>\n                                        <\/svg> 2 Aprile 2026                                    <\/span>\n                                                                    <\/div>\n                            <h5 class=\"card-title big-heading text-uppercase\"><a class=\"text-body text-decoration-none\" href=\"https:\/\/ambbucarest.esteri.it\/it\/news\/dall_ambasciata\/2026\/04\/avviso-fermo-operativo-del-sistema-informatico-per-i-servizi-consolari\/\" title=\"AVVISO. Fermo operativo del sistema  informatico per i servizi consolari\">AVVISO. Fermo operativo del sistema  informatico per i servizi consolari<\/a><\/h5>\n                            <p class=\"card-text\">Si informa che nei giorni\u00a020 e\u00a021 aprile 2026 il sistema operativo SIFC sar\u00e0 interessato da un fermo operativo temporaneo per migrazione dati. Si tratta di un intervento tecnico programmato e urgente che comporter\u00e0 la momentanea sospensione di tutte le attivit\u00e0 di ricezione e trattazione dei servizi consolari. Tale sospensione riguarder\u00e0 l\u2019operativit\u00e0 di tutti i settori [&hellip;]<\/p>\n                                <a title=\"AVVISO. Fermo operativo del sistema  informatico per i servizi consolari\" class=\"read-more\" href=\"https:\/\/ambbucarest.esteri.it\/it\/news\/dall_ambasciata\/2026\/04\/avviso-fermo-operativo-del-sistema-informatico-per-i-servizi-consolari\/\">\n                                    <span class=\"text\">Leggi di pi\u00f9<\/span>\n                                    <svg class=\"icon\">\n                                    <use xlink:href=\"https:\/\/ambbucarest.esteri.it\/wp-content\/themes\/sedi-tema\/assets\/svg\/sprites.svg#it-arrow-right\"><\/use>\n                                    <\/svg>\n                                <\/a>\n                                                    <\/div>\n                    <\/div>\n                <\/div>\n                <!--end card-->\n                <\/div><!-- col-12 .mt-3-->\n                            <div class=\"col-12 mt-3\">\n                <!--start card-->\n                <div class=\"card-wrapper card-space\">\n                    <div class=\"card card-bg card-big border-bottom-card\">\n                        <div class=\"card-body \">\n                                                        <div class=\"category-top\">\n                                                                                                            <span class=\"\">\n                                        <svg class=\"icon icon-secondary\">\n                                            <use xlink:href=\"https:\/\/ambbucarest.esteri.it\/wp-content\/themes\/sedi-tema\/assets\/svg\/sprites.svg#it-calendar\"><\/use>\n                                        <\/svg> 1 Aprile 2026                                    <\/span>\n                                                                    <\/div>\n                            <h5 class=\"card-title big-heading text-uppercase\"><a class=\"text-body text-decoration-none\" href=\"https:\/\/ambbucarest.esteri.it\/it\/news\/dall_ambasciata\/2026\/04\/bando-msc-universita-di-verona\/\" title=\"Bando MSc Universit\u00e0 di Verona\">Bando MSc Universit\u00e0 di Verona<\/a><\/h5>\n                            <p class=\"card-text\">Si segnala la pubblicazione del bando dell\u2019Universit\u00e0 di Verona, in collaborazione con le Universit\u00e0 di Bamberg, Bordeaux e Porto, per l\u2019ammissione al corso di laurea magistrale (MSc) in International Economics and Business Administration. La scadenza per la presentazione delle candidature \u00e8 fissata al 12 aprile 2026. Tutte le informazioni sono disponibili al seguente link: https:\/\/www.unicandidate.com\/international-economics-and-business-administration-ieba-2026-2027\/international-economics-and-business-administration-2026-2027<\/p>\n                                <a title=\"Bando MSc Universit\u00e0 di Verona\" class=\"read-more\" href=\"https:\/\/ambbucarest.esteri.it\/it\/news\/dall_ambasciata\/2026\/04\/bando-msc-universita-di-verona\/\">\n                                    <span class=\"text\">Leggi di pi\u00f9<\/span>\n                                    <svg class=\"icon\">\n                                    <use xlink:href=\"https:\/\/ambbucarest.esteri.it\/wp-content\/themes\/sedi-tema\/assets\/svg\/sprites.svg#it-arrow-right\"><\/use>\n                                    <\/svg>\n                                <\/a>\n                                                    <\/div>\n                    <\/div>\n                <\/div>\n                <!--end card-->\n                <\/div><!-- col-12 .mt-3-->\n                            <div class=\"col-12 mt-3\">\n                <!--start card-->\n                <div class=\"card-wrapper card-space\">\n                    <div class=\"card card-bg card-big border-bottom-card\">\n                        <div class=\"card-body \">\n                                                        <div class=\"category-top\">\n                                                                                                            <span class=\"\">\n                                        <svg class=\"icon icon-secondary\">\n                                            <use xlink:href=\"https:\/\/ambbucarest.esteri.it\/wp-content\/themes\/sedi-tema\/assets\/svg\/sprites.svg#it-calendar\"><\/use>\n                                        <\/svg> 24 Marzo 2026                                    <\/span>\n                                                                    <\/div>\n                            <h5 class=\"card-title big-heading text-uppercase\"><a class=\"text-body text-decoration-none\" href=\"https:\/\/ambbucarest.esteri.it\/it\/news\/dall_ambasciata\/2026\/03\/business-insights-from-italy-a-letter-to-international-investors-7\/\" title=\"Business Insights from Italy \u2013 A Letter to International Investors\">Business Insights from Italy \u2013 A Letter to International Investors<\/a><\/h5>\n                            <p class=\"card-text\">\u00c8 online il nuovo numero di \ud835\ude3d\ud835\ude6a\ud835\ude68\ud835\ude5e\ud835\ude63\ud835\ude5a\ud835\ude68\ud835\ude68 \ud835\ude44\ud835\ude63\ud835\ude68\ud835\ude5e\ud835\ude5c\ud835\ude5d\ud835\ude69\ud835\ude68 \ud835\ude5b\ud835\ude67\ud835\ude64\ud835\ude62 \ud835\ude44\ud835\ude69\ud835\ude56\ud835\ude61\ud835\ude6e &#8211; \ud835\ude3c \ud835\ude47\ud835\ude5a\ud835\ude69\ud835\ude69\ud835\ude5a\ud835\ude67 \ud835\ude69\ud835\ude64 \ud835\ude44\ud835\ude63\ud835\ude69\ud835\ude5a\ud835\ude67\ud835\ude63\ud835\ude56\ud835\ude69\ud835\ude5e\ud835\ude64\ud835\ude63\ud835\ude56\ud835\ude61 \ud835\ude44\ud835\ude63\ud835\ude6b\ud835\ude5a\ud835\ude68\ud835\ude69\ud835\ude64\ud835\ude67\ud835\ude68, la newsletter mensile del Ministero degli Affari Esteri e della Cooperazione Internazionale, realizzata in collaborazione con The European House \u2013 Ambrosetti. La pubblicazione offre una panoramica aggiornata sulle opportunit\u00e0 economiche e di investimento in Italia, con analisi e approfondimenti [&hellip;]<\/p>\n                                <a title=\"Business Insights from Italy \u2013 A Letter to International Investors\" class=\"read-more\" href=\"https:\/\/ambbucarest.esteri.it\/it\/news\/dall_ambasciata\/2026\/03\/business-insights-from-italy-a-letter-to-international-investors-7\/\">\n                                    <span class=\"text\">Leggi di pi\u00f9<\/span>\n                                    <svg class=\"icon\">\n                                    <use xlink:href=\"https:\/\/ambbucarest.esteri.it\/wp-content\/themes\/sedi-tema\/assets\/svg\/sprites.svg#it-arrow-right\"><\/use>\n                                    <\/svg>\n                                <\/a>\n                                                    <\/div>\n                    <\/div>\n                <\/div>\n                <!--end card-->\n                <\/div><!-- col-12 .mt-3-->\n                            <div class=\"col-12 mt-3\">\n                <!--start card-->\n                <div class=\"card-wrapper card-space\">\n                    <div class=\"card card-bg card-big border-bottom-card\">\n                        <div class=\"card-body \">\n                                                        <div class=\"category-top\">\n                                                                                                            <span class=\"\">\n                                        <svg class=\"icon icon-secondary\">\n                                            <use xlink:href=\"https:\/\/ambbucarest.esteri.it\/wp-content\/themes\/sedi-tema\/assets\/svg\/sprites.svg#it-calendar\"><\/use>\n                                        <\/svg> 20 Marzo 2026                                    <\/span>\n                                                                    <\/div>\n                            <h5 class=\"card-title big-heading text-uppercase\"><a class=\"text-body text-decoration-none\" href=\"https:\/\/ambbucarest.esteri.it\/it\/news\/dall_ambasciata\/2026\/03\/la-relazione-tra-italia-e-romania-mappata-attraverso-i-dati-presentazione-speciale-per-litalian-design-day\/\" title=\"La relazione tra Italia e Romania, mappata attraverso i dati. Presentazione speciale per l\u2019Italian Design Day\">La relazione tra Italia e Romania, mappata attraverso i dati. Presentazione speciale per l\u2019Italian Design Day<\/a><\/h5>\n                            <p class=\"card-text\">\u201cTra di noi\u201d, un progetto di information design presentato il 20 marzo presso l\u2019Istituto Italiano di Cultura di Bucarest, propone una nuova prospettiva sui legami tra i due Paesi, trasformando dati su commercio, migrazione, lingua ed educazione in narrazioni visive. In occasione dell\u2019Italian Design Day, Jacopo Ottaviani e Piero Zagami di Nutgraf.studio presentano al pubblico [&hellip;]<\/p>\n                                <a title=\"La relazione tra Italia e Romania, mappata attraverso i dati. Presentazione speciale per l\u2019Italian Design Day\" class=\"read-more\" href=\"https:\/\/ambbucarest.esteri.it\/it\/news\/dall_ambasciata\/2026\/03\/la-relazione-tra-italia-e-romania-mappata-attraverso-i-dati-presentazione-speciale-per-litalian-design-day\/\">\n                                    <span class=\"text\">Leggi di pi\u00f9<\/span>\n                                    <svg class=\"icon\">\n                                    <use xlink:href=\"https:\/\/ambbucarest.esteri.it\/wp-content\/themes\/sedi-tema\/assets\/svg\/sprites.svg#it-arrow-right\"><\/use>\n                                    <\/svg>\n                                <\/a>\n                                                    <\/div>\n                    <\/div>\n                <\/div>\n                <!--end card-->\n                <\/div><!-- col-12 .mt-3-->\n                            <div class=\"col-12 mt-3\">\n                <!--start card-->\n                <div class=\"card-wrapper card-space\">\n                    <div class=\"card card-bg card-big border-bottom-card\">\n                        <div class=\"card-body \">\n                                                        <div class=\"category-top\">\n                                                                                                            <span class=\"\">\n                                        <svg class=\"icon icon-secondary\">\n                                            <use xlink:href=\"https:\/\/ambbucarest.esteri.it\/wp-content\/themes\/sedi-tema\/assets\/svg\/sprites.svg#it-calendar\"><\/use>\n                                        <\/svg> 18 Marzo 2026                                    <\/span>\n                                                                    <\/div>\n                            <h5 class=\"card-title big-heading text-uppercase\"><a class=\"text-body text-decoration-none\" href=\"https:\/\/ambbucarest.esteri.it\/it\/news\/dall_ambasciata\/2026\/03\/borse-di-studio-per-studenti-internazionali-delluniversita-gabriele-dannunzio-di-chieti-pescara\/\" title=\"Borse di studio per studenti internazionali dell&#8217;Universit\u00e0 \u201cGabriele d\u2019Annunzio\u201d di Chieti-Pescara\">Borse di studio per studenti internazionali dell&#8217;Universit\u00e0 \u201cGabriele d\u2019Annunzio\u201d di Chieti-Pescara<\/a><\/h5>\n                            <p class=\"card-text\">Borse di studio offerte da Universit\u00e0 italiane. Si veda anche la sezione Studiare in Italia. L\u2019Universit\u00e0 \u201cGabriele d\u2019Annunzio\u201d di Chieti-Pescara informa che \u00e8 stato pubblicato un bando per l\u2019assegnazione di n. 15 borse di studio destinate a studenti internazionali. Il testo completo del bando, comprensivo dei requisiti di partecipazione, delle modalit\u00e0 di candidatura e delle [&hellip;]<\/p>\n                                <a title=\"Borse di studio per studenti internazionali dell&#8217;Universit\u00e0 \u201cGabriele d\u2019Annunzio\u201d di Chieti-Pescara\" class=\"read-more\" href=\"https:\/\/ambbucarest.esteri.it\/it\/news\/dall_ambasciata\/2026\/03\/borse-di-studio-per-studenti-internazionali-delluniversita-gabriele-dannunzio-di-chieti-pescara\/\">\n                                    <span class=\"text\">Leggi di pi\u00f9<\/span>\n                                    <svg class=\"icon\">\n                                    <use xlink:href=\"https:\/\/ambbucarest.esteri.it\/wp-content\/themes\/sedi-tema\/assets\/svg\/sprites.svg#it-arrow-right\"><\/use>\n                                    <\/svg>\n                                <\/a>\n                                                    <\/div>\n                    <\/div>\n                <\/div>\n                <!--end card-->\n                <\/div><!-- col-12 .mt-3-->\n                            <div class=\"col-12 mt-3\">\n                <!--start card-->\n                <div class=\"card-wrapper card-space\">\n                    <div class=\"card card-bg card-big border-bottom-card\">\n                        <div class=\"card-body \">\n                                                        <div class=\"category-top\">\n                                                                                                            <span class=\"\">\n                                        <svg class=\"icon icon-secondary\">\n                                            <use xlink:href=\"https:\/\/ambbucarest.esteri.it\/wp-content\/themes\/sedi-tema\/assets\/svg\/sprites.svg#it-calendar\"><\/use>\n                                        <\/svg> 12 Marzo 2026                                    <\/span>\n                                                                    <\/div>\n                            <h5 class=\"card-title big-heading text-uppercase\"><a class=\"text-body text-decoration-none\" href=\"https:\/\/ambbucarest.esteri.it\/it\/news\/dall_ambasciata\/2026\/03\/borse-di-studio-offerte-dal-governo-italiano-per-lanno-accademico-2026-2027-ordinarie-e-italofonia\/\" title=\"BORSE DI STUDIO OFFERTE DAL GOVERNO ITALIANO PER L\u2019ANNO ACCADEMICO 2026-2027. ORDINARIE E ITALOFONIA.\">BORSE DI STUDIO OFFERTE DAL GOVERNO ITALIANO PER L\u2019ANNO ACCADEMICO 2026-2027. ORDINARIE E ITALOFONIA.<\/a><\/h5>\n                            <p class=\"card-text\">\u00c8 stato pubblicato il bando per l\u2019assegnazione di borse di studio offerte dal Ministero degli Affari Esteri e della Cooperazione Internazionale (MAECI) per l\u2019anno accademico 2026-2027. Le borse di studio sono uno strumento di diplomazia culturale volto a favorire la cooperazione in campo culturale, scientifico e tecnologico, la proiezione del sistema economico dell\u2019Italia nel mondo [&hellip;]<\/p>\n                                <a title=\"BORSE DI STUDIO OFFERTE DAL GOVERNO ITALIANO PER L\u2019ANNO ACCADEMICO 2026-2027. ORDINARIE E ITALOFONIA.\" class=\"read-more\" href=\"https:\/\/ambbucarest.esteri.it\/it\/news\/dall_ambasciata\/2026\/03\/borse-di-studio-offerte-dal-governo-italiano-per-lanno-accademico-2026-2027-ordinarie-e-italofonia\/\">\n                                    <span class=\"text\">Leggi di pi\u00f9<\/span>\n                                    <svg class=\"icon\">\n                                    <use xlink:href=\"https:\/\/ambbucarest.esteri.it\/wp-content\/themes\/sedi-tema\/assets\/svg\/sprites.svg#it-arrow-right\"><\/use>\n                                    <\/svg>\n                                <\/a>\n                                                    <\/div>\n                    <\/div>\n                <\/div>\n                <!--end card-->\n                <\/div><!-- col-12 .mt-3-->\n                            <div class=\"col-12 mt-3\">\n                <!--start card-->\n                <div class=\"card-wrapper card-space\">\n                    <div class=\"card card-bg card-big border-bottom-card\">\n                        <div class=\"card-body \">\n                                                        <div class=\"category-top\">\n                                                                                                            <span class=\"\">\n                                        <svg class=\"icon icon-secondary\">\n                                            <use xlink:href=\"https:\/\/ambbucarest.esteri.it\/wp-content\/themes\/sedi-tema\/assets\/svg\/sprites.svg#it-calendar\"><\/use>\n                                        <\/svg> 10 Marzo 2026                                    <\/span>\n                                                                    <\/div>\n                            <h5 class=\"card-title big-heading text-uppercase\"><a class=\"text-body text-decoration-none\" href=\"https:\/\/ambbucarest.esteri.it\/it\/news\/dall_ambasciata\/2026\/03\/borse-di-studio-per-talenti-internazionali-delluniversita-di-verona\/\" title=\"Borse di studio per talenti internazionali dell&#8217;Universit\u00e0 di Verona\">Borse di studio per talenti internazionali dell&#8217;Universit\u00e0 di Verona<\/a><\/h5>\n                            <p class=\"card-text\">Borse di studio offerte da Universit\u00e0 italiane. Si veda anche la sezione Studiare in Italia. L\u2019Universit\u00e0 di Verona ha aperto la raccolta di richieste di pre-ammissione e di candidature per l\u2019assegnazione di n. 15 borse di studio e n. 48 contributi studenteschi agevolati (flat rate) destinati a studentesse e studenti in possesso di titolo conseguito [&hellip;]<\/p>\n                                <a title=\"Borse di studio per talenti internazionali dell&#8217;Universit\u00e0 di Verona\" class=\"read-more\" href=\"https:\/\/ambbucarest.esteri.it\/it\/news\/dall_ambasciata\/2026\/03\/borse-di-studio-per-talenti-internazionali-delluniversita-di-verona\/\">\n                                    <span class=\"text\">Leggi di pi\u00f9<\/span>\n                                    <svg class=\"icon\">\n                                    <use xlink:href=\"https:\/\/ambbucarest.esteri.it\/wp-content\/themes\/sedi-tema\/assets\/svg\/sprites.svg#it-arrow-right\"><\/use>\n                                    <\/svg>\n                                <\/a>\n                                                    <\/div>\n                    <\/div>\n                <\/div>\n                <!--end card-->\n                <\/div><!-- col-12 .mt-3-->\n            \n            <div class=\"col-md-12 mt-4 pb-4\">\n                <nav class=\"navigation col-md-12\" aria-label=\"Navigation\">\n                    <h2 class=\"screen-reader-text visually-hidden\">Paginazione<\/h2>\n                    <div class=\"nav-links\">\n                    <span aria-current=\"page\" class=\"page-numbers current\">1<\/span>\n<a class=\"page-numbers\" href=\"https:\/\/ambbucarest.esteri.it\/it\/wp-json\/wp\/v2\/pages\/16\/?pag=2\">2<\/a>\n<a class=\"page-numbers\" href=\"https:\/\/ambbucarest.esteri.it\/it\/wp-json\/wp\/v2\/pages\/16\/?pag=3\">3<\/a>\n<span class=\"page-numbers dots\">&hellip;<\/span>\n<a class=\"page-numbers\" href=\"https:\/\/ambbucarest.esteri.it\/it\/wp-json\/wp\/v2\/pages\/16\/?pag=57\">57<\/a>\n<a class=\"next page-numbers\" href=\"https:\/\/ambbucarest.esteri.it\/it\/wp-json\/wp\/v2\/pages\/16\/?pag=2\"><svg class=\"icon icon-primary\"><use xlink:href=\"https:\/\/ambbucarest.esteri.it\/wp-content\/themes\/sedi-tema\/assets\/svg\/sprites.svg#it-chevron-right\"><\/use><\/svg>\n                                    <span class=\"visually-hidden\">Pagina successiva<\/span><\/a>                    <\/div>\n                <\/nav>\n            <\/div>   <!--.col-md-12 -->\n              <\/div><!--.row -->\n              \n","protected":false},"excerpt":{"rendered":"","protected":false},"author":1,"featured_media":0,"parent":0,"menu_order":8,"comment_status":"closed","ping_status":"closed","template":"","meta":{"footnotes":""},"class_list":["post-16","page","type-page","status-publish","hentry"],"_links":{"self":[{"href":"https:\/\/ambbucarest.esteri.it\/it\/wp-json\/wp\/v2\/pages\/16","targetHints":{"allow":["GET"]}}],"collection":[{"href":"https:\/\/ambbucarest.esteri.it\/it\/wp-json\/wp\/v2\/pages"}],"about":[{"href":"https:\/\/ambbucarest.esteri.it\/it\/wp-json\/wp\/v2\/types\/page"}],"author":[{"embeddable":true,"href":"https:\/\/ambbucarest.esteri.it\/it\/wp-json\/wp\/v2\/users\/1"}],"replies":[{"embeddable":true,"href":"https:\/\/ambbucarest.esteri.it\/it\/wp-json\/wp\/v2\/comments?post=16"}],"version-history":[{"count":2,"href":"https:\/\/ambbucarest.esteri.it\/it\/wp-json\/wp\/v2\/pages\/16\/revisions"}],"predecessor-version":[{"id":21,"href":"https:\/\/ambbucarest.esteri.it\/it\/wp-json\/wp\/v2\/pages\/16\/revisions\/21"}],"wp:attachment":[{"href":"https:\/\/ambbucarest.esteri.it\/it\/wp-json\/wp\/v2\/media?parent=16"}],"curies":[{"name":"wp","href":"https:\/\/api.w.org\/{rel}","templated":true}]}}