{"id":338,"date":"2023-10-24T15:44:17","date_gmt":"2023-10-24T12:44:17","guid":{"rendered":"https:\/\/ambbucarest.esteri.it\/?page_id=338"},"modified":"2023-12-11T11:19:52","modified_gmt":"2023-12-11T09:19:52","slug":"13-vreau-sa-schimb-primaria-unde-sunt-inscris-in-a-i-r-e-din-italia-schimb-a-i-r-e-a-i-r-e","status":"publish","type":"page","link":"https:\/\/ambbucarest.esteri.it\/ro\/servizi-consolari-e-visti\/servizi-per-il-cittadino-italiano\/a-i-r-e-registrul-de-stare-civila-al-italienilor-rezidenti-in-strainatate\/13-vreau-sa-schimb-primaria-unde-sunt-inscris-in-a-i-r-e-din-italia-schimb-a-i-r-e-a-i-r-e\/","title":{"rendered":"13. Vreau s\u0103 schimb Prim\u0103ria unde sunt \u00eenscris \u00een A.I.R.E. din Italia \u2013 Schimb A.I.R.E.\/A.I.R.E."},"content":{"rendered":"<p>Vreau s\u0103 schimb Prim\u0103ria unde sunt \u00eenscris \u00een A.I.R.E. din Italia \u2013 Schimb A.I.R.E.\/A.I.R.E.<br \/>\nCet\u0103\u0163enii \u00eenscri\u015fi deja \u00een A.I.R.E. al unei Prim\u0103rii care, din motive familiare sau din interes vor s\u0103 schimbe localitatea, pot face cerere de transfer, dar numai \u00een urm\u0103toarele cazuri prev\u0103zute de lege:<br \/>\n\u2022 transfer \u00een A.I.R.E. al unei Prim\u0103rii \u00een al c\u0103rui A.P.R. (Registrul de eviden\u0163\u0103 a Popula\u0163iei Rezidente \u00een Italia) sunt \u00eenscri\u015fi membrii familiei nucleare (*)<br \/>\n\u2022 trasfer \u00een A.I.R.E. al unei Prim\u0103rii \u00een al c\u0103rui A.I.R.E. sunt \u00eenscri\u015fi deja membrii propriei familii (*)<br \/>\n\u2022 transfer \u00een localitatea de na\u015ftere (persoane n\u0103scute \u00een Italia) sau \u00een localitatea de transcriere a actului de na\u015ftere (persoane n\u0103scute \u00een str\u0103in\u0103tate) \u00een temeiul art. 3 din Legea nr. 15\/1992<br \/>\n(*) Prin familie nuclear\u0103, \u00een baza prevederilor Decretului-lege nr. 69\/1988, se \u00een\u0163eleg urm\u0103toarele: &#8222;familia nuclear\u0103 este alc\u0103tuit\u0103 din so\u0163i, cu excep\u0163ia so\u0163ului divor\u0163at, \u015fi din descenden\u0163i \u015fi al\u0163ii similari (art. 38 din Decretul Pre\u015fedintelui Republicii nr. 818\/1957) \u00een v\u00e2rst\u0103 de p\u00e2n\u0103 la 18 ani \u00eemplini\u0163i, sau, f\u0103r\u0103 limit\u0103 de v\u00e2rst\u0103, dac\u0103, din cauza infirmit\u0103\u0163ilor sau imperfec\u0163iunilor fizice sau mintale, se afl\u0103 \u00een imposibilitatea absolut\u0103 de a se dedica unei munci retribuite, \u00een cazul \u00een care ace\u015ftia sunt orfani de ambii p\u0103rin\u0163i \u015fi nu au dob\u00e2ndit dreptul la pensie de urma\u015f&#8221;.<br \/>\n\u00cen alte cazuri dec\u00e2t cele men\u0163ionate anterior, transferul face obiectul evalu\u0103rii celor dou\u0103 Prim\u0103rii din localit\u0103\u0163ile respective. \u00cen cazul accept\u0103rii cererii se va transfera \u015fi \u00eenscrierea pe listele electorale ale noii Prim\u0103rii. Persoanele care nu sunt \u00eenscrise \u00een A.I.R.E. nu pot prezenta direct cererea de transfer la o alt\u0103 Prim\u0103rie: mai \u00eenainte trebuie s\u0103 finalizeze \u00eenscrierea la Prim\u0103ria din localitatea ultimei re\u015fedin\u0163e \u00een Italia \u015fi, ulterior, dup\u0103 ce au primit comunicarea formal\u0103, pot trimite cererea de transfer \u00een A.I.R.E.\/A.I.R.E.<br \/>\nPentru a transfera \u015fi copiii minori este necesar s\u0103 se anexeze la cerere declara\u0163ia de consim\u0163\u0103m\u00e2nt semnat\u0103 de ambii p\u0103rin\u0163i; copiii majori, \u00een schimb, trebuie s\u0103 prezinte o cerere de transfer individual\u0103.<br \/>\nPentru a putea preg\u0103ti cererea de schimbare a localit\u0103\u0163ii este necesar s\u0103 fi fost \u00eenregistrat deja pe lista consular\u0103. Cererea trebuie trimis\u0103 exclusiv pe email la adresa <a href=\"mailto:anagrafe.bucarest@esteri.it\">anagrafe.bucarest@esteri.it<\/a> \u00a0utiliz\u00e2nd formularul semnat <a href=\"https:\/\/ambbucarest.esteri.it\/wp-content\/uploads\/2023\/12\/Richiesta-trasferrimento-altra-AIRE.doc\"><strong>(D\u0102 CLICK AICI<\/strong>)<\/a> cu copia documentului de identitate a declarantului.<\/p>\n","protected":false},"excerpt":{"rendered":"Vreau s\u0103 schimb Prim\u0103ria unde sunt \u00eenscris \u00een A.I.R.E. din Italia \u2013 Schimb A.I.R.E.\/A.I.R.E. Cet\u0103\u0163enii \u00eenscri\u015fi deja \u00een A.I.R.E. al unei Prim\u0103rii care, din motive familiare sau din interes vor s\u0103 schimbe localitatea, pot face cerere de transfer, dar numai \u00een urm\u0103toarele cazuri prev\u0103zute de lege: \u2022 transfer \u00een A.I.R.E. al unei Prim\u0103rii \u00een al [&hellip;]","protected":false},"author":8,"featured_media":0,"parent":312,"menu_order":13,"comment_status":"closed","ping_status":"closed","template":"","meta":{"footnotes":""},"class_list":["post-338","page","type-page","status-publish","hentry"],"_links":{"self":[{"href":"https:\/\/ambbucarest.esteri.it\/ro\/wp-json\/wp\/v2\/pages\/338","targetHints":{"allow":["GET"]}}],"collection":[{"href":"https:\/\/ambbucarest.esteri.it\/ro\/wp-json\/wp\/v2\/pages"}],"about":[{"href":"https:\/\/ambbucarest.esteri.it\/ro\/wp-json\/wp\/v2\/types\/page"}],"author":[{"embeddable":true,"href":"https:\/\/ambbucarest.esteri.it\/ro\/wp-json\/wp\/v2\/users\/8"}],"replies":[{"embeddable":true,"href":"https:\/\/ambbucarest.esteri.it\/ro\/wp-json\/wp\/v2\/comments?post=338"}],"version-history":[{"count":2,"href":"https:\/\/ambbucarest.esteri.it\/ro\/wp-json\/wp\/v2\/pages\/338\/revisions"}],"predecessor-version":[{"id":4164,"href":"https:\/\/ambbucarest.esteri.it\/ro\/wp-json\/wp\/v2\/pages\/338\/revisions\/4164"}],"up":[{"embeddable":true,"href":"https:\/\/ambbucarest.esteri.it\/ro\/wp-json\/wp\/v2\/pages\/312"}],"wp:attachment":[{"href":"https:\/\/ambbucarest.esteri.it\/ro\/wp-json\/wp\/v2\/media?parent=338"}],"curies":[{"name":"wp","href":"https:\/\/api.w.org\/{rel}","templated":true}]}}